{"id":7009,"date":"2020-04-21T07:49:11","date_gmt":"2020-04-21T05:49:11","guid":{"rendered":"http:\/\/www.lauba.hr\/kolektart\/"},"modified":"2020-04-28T14:34:46","modified_gmt":"2020-04-28T12:34:46","slug":"kolektart","status":"publish","type":"page","link":"https:\/\/www.lauba.hr\/en\/kolektart\/","title":{"rendered":"Kolektart"},"content":{"rendered":"<section class=\"wpb-content-wrapper\"><p>[vc_row][vc_column]<div class=\"eltdf-elements-holder   eltdf-two-columns  eltdf-responsive-mode-768 \" ><div class=\"eltdf-eh-item  eltdf-vertical-alignment-top  \"  data-item-class=\"eltdf-eh-custom-5864\">\n\t<div class=\"eltdf-eh-item-inner\">\n\t\t<div class=\"eltdf-eh-item-content eltdf-eh-custom-5864\" >\n\t\t\t[vc_column_text]<\/p>\n<h2>LAUBA\u2019S NEW PROJECT, PRESENTED IN DECEMBER 2019, IS A SALES EXHIBITION<\/h2>\n<h1>KOLEKTART<\/h1>\n<p>Aimed for audiences trying to enrich living and working space, find an inspiring and exclusive gift for their business partners, and for passionate collectors, with the opportunity to have a unique, world-class shopping experience with Lauba&#8217;s quality assurance.[\/vc_column_text][vc_empty_space]\t\t<\/div>\n\t<\/div>\n<\/div><div class=\"eltdf-eh-item   eltdf-horizontal-alignment-center \"  data-item-class=\"eltdf-eh-custom-9779\">\n\t<div class=\"eltdf-eh-item-inner\">\n\t\t<div class=\"eltdf-eh-item-content eltdf-eh-custom-9779\" style=\"padding: 0px 30px 0px 30px\">\n\t\t\t[vc_single_image image=&#8221;7003&#8243; img_size=&#8221;full&#8221;][vc_empty_space]\t\t<\/div>\n\t<\/div>\n<\/div><\/div>[\/vc_column][\/vc_row][vc_row full_width=&#8221;stretch_row&#8221; css=&#8221;.vc_custom_1587456961345{background-color: #f9f7f5 !important;}&#8221;][vc_column]<div class=\"eltdf-elements-holder   eltdf-two-columns  eltdf-responsive-mode-768 \" ><div class=\"eltdf-eh-item  eltdf-vertical-alignment-bottom  \" style=\"background-color: #ffffff\" data-item-class=\"eltdf-eh-custom-6661\">\n\t<div class=\"eltdf-eh-item-inner\">\n\t\t<div class=\"eltdf-eh-item-content eltdf-eh-custom-6661\" style=\"padding: 10px 20px 10px 20px\">\n\t\t\t[vc_column_text]<\/p>\n<h1>THE ARTISTS REPRESENTED BY LAUBA AND WHOSE WORKS YOU CAN SEE:<\/h1>\n<h4>MARIJA UJEVI\u0106-GALETOVI\u0106, GORDANA BAKI\u0106, \u0110URO SEDER, DUJE JURI\u0106, KRISTIAN KO\u017dUL, ALEM KORKUT AND ART COLLECTIVE TARWUK CONSISTING BRUNO POGA\u010cNIK AND IVANA VUK\u0160I\u0106.<\/h4>\n<p>In addition to these carefully selected artists, Lauba&#8217;s sales concept was enriched in 2019 by two other great artistic names:<\/p>\n<h4>MARKO TADI\u0106 AND IGOR E\u0160KINJA.<\/h4>\n<p>[\/vc_column_text][vc_empty_space]\t\t<\/div>\n\t<\/div>\n<\/div><div class=\"eltdf-eh-item  eltdf-vertical-alignment-bottom  \" style=\"background-color: #ffffff\" data-item-class=\"eltdf-eh-custom-8175\">\n\t<div class=\"eltdf-eh-item-inner\">\n\t\t<div class=\"eltdf-eh-item-content eltdf-eh-custom-8175\" style=\"padding: 10px 20px 10px 20px\">\n\t\t\t[vc_column_text]Marko Tadi\u0107 is an artist whose works are considered one of the most interesting artistic works of our scene. He represented Croatia at the Venice Biennale in 2017 and won all major awards for contemporary art: Vladimir Nazor Award for best exhibition, Radoslav Putar Award for best young contemporary artist, etc. The works of Igor E\u0161kinja were shown at large international exhibitions and are in significant collections and museums such as MAXXI, Rome; MAC\/VAL, Paris; FRAC-Pays de la Loire, Nantes; MMSU Rijeka, MSU Zagreb. He won the first T-HT Award for Croatian contemporary art.<\/p>\n<p>Another exclusivity of KOLEKTART are the works of <b>Miljenko Horvat <\/b>&#8211; the youngest member of Gorgona who left a deep mark in Croatian contemporary art, although he spent most of his life abroad (Paris, Montreal) where he achieved his distinguished artistic career.[\/vc_column_text][vc_empty_space]<a itemprop=\"url\" href=\"https:\/\/www.lauba.hr\/en\/artists\/\" target=\"_self\"  class=\"eltdf-btn eltdf-btn-medium eltdf-btn-solid\"  >\n    <span class=\"eltdf-btn-text\">LIST OF ARTISTS<\/span>\n    <\/a>[vc_empty_space]\t\t<\/div>\n\t<\/div>\n<\/div><\/div>[\/vc_column][\/vc_row][vc_row full_width=&#8221;stretch_row&#8221; gap=&#8221;35&#8243; content_placement=&#8221;top&#8221; css=&#8221;.vc_custom_1587457629151{padding-top: 100px !important;padding-bottom: 100px !important;background-color: #f9f7f5 !important;}&#8221;][vc_column]<div class=\"eltdf-background-text eltdf-align-left eltdf-no-rotate\" style=\"color:#cccccc;left: -70px;top: 0%;font-size: 200px\"\n     id=\"eltdf-background-text-977\" data-item-class=\"bkgText-4617\">\n    <div class=\"eltdf-background-text-inner\">\n\t\tZa\u0161to Lauba?    <\/div>\n<\/div>\n[vc_row_inner][vc_column_inner width=&#8221;1\/2&#8243;][vc_column_text]We are a team of experienced art experts who believe in the importance of quality and transparent entry of artists into the market. After many years of monitoring global trends reflecting the positive impact of the art market on the contemporary art scene, we felt that we could do and give more on the domestic cultural and artistic scene. This feeling, combined with our passion to discover new attractive artistic names and preserve those existing renowned ones, resulted in a vision that we have formed in the project. Therefore, for you, every day we choose the most interesting, unique and vibrant, yet still quality works of artists who confirm their value all over again, both with creative continuity and presence on the domestic and international art scene.[\/vc_column_text][\/vc_column_inner][vc_column_inner width=&#8221;1\/2&#8243;][vc_column_text]<\/p>\n<h4>IF YOU ARE LOOKING FOR AN ART THAT WILL ENRICH YOUR LIVING OR WORKING SPACE, AN INSPIRING AND EXCLUSIVE GIFT FOR YOUR BUSINESS PARTNERS OR YOU ARE A PASSIONATE COLLECTOR, <a style=\"text-decoration: underline;\" href=\"https:\/\/www.lauba.hr\/en\/contact\/\"> WE ARE HERE<\/a> TO FACILITATE YOUR SEARCH AND MAKE IT A UNIQUE EXPERIENCE.<\/h4>\n<p>[\/vc_column_text][\/vc_column_inner][\/vc_row_inner][\/vc_column][\/vc_row][vc_row full_width=&#8221;stretch_row_content&#8221; content_placement=&#8221;top&#8221; css=&#8221;.vc_custom_1587457639714{padding-top: 50px !important;}&#8221;][vc_column css=&#8221;.vc_custom_1587457586478{margin-bottom: 100px !important;}&#8221;]<div class=\"eltdf-portfolio-slider-holder\"><div class=\"eltdf-portfolio-list-holder eltdf-grid-list eltdf-disable-bottom-space eltdf-pl-gallery eltdf-four-columns eltdf-no-space eltdf-pl-overlay-shader    eltdf-pl-pag-no-pagination      eltdf-pag-below-slider\"  data-type=gallery data-number-of-columns=four data-space-between-items=no data-number-of-items=9 data-image-proportions=square data-enable-fixed-proportions=no data-enable-image-shadow=no data-orderby=date data-order=ASC data-item-style=overlay-shader data-enable-title=yes data-title-tag=h4 data-enable-category=no data-pagination-type=no-pagination data-filter=no data-filter-order-by=name data-enable-article-animation=no data-enable-article-parallax=no data-portfolio-slider-on=yes data-enable-loop=no data-enable-autoplay=yes data-slider-speed=5000 data-slider-speed-animation=600 data-enable-navigation=yes data-enable-pagination=yes data-pagination-position=below-slider data-max-num-pages=1 data-next-page=2>\n\t\t<div class=\"eltdf-pl-inner eltdf-outer-space eltdf-owl-slider eltdf-list-is-slider portfolio_four_columns clearfix\">\n\t\t<article class=\"eltdf-pl-item eltdf-item-space  post-7026 portfolio-item type-portfolio-item status-publish has-post-thumbnail hentry portfolio-category-artists portfolio-category-paintings portfolio-category-sculptures\">\n\t<div class=\"eltdf-pl-item-inner\">\n\t\t<div class=\"eltdf-pli-image\">\n\t<img loading=\"lazy\" decoding=\"async\" width=\"639\" height=\"491\" src=\"https:\/\/lauba.hr\/wp-content\/uploads\/2019\/02\/mug-intro.jpg\" class=\"attachment-amedeo_elated_image_square size-amedeo_elated_image_square wp-post-image\" alt=\"\" srcset=\"https:\/\/lauba.hr\/wp-content\/uploads\/2019\/02\/mug-intro.jpg 639w, https:\/\/lauba.hr\/wp-content\/uploads\/2019\/02\/mug-intro-300x231.jpg 300w\" sizes=\"auto, (max-width: 639px) 100vw, 639px\" \/><\/div>\n<div class=\"eltdf-pli-text-holder\">\n    <div class=\"eltdf-pli-text-wrapper\">\n        <div class=\"eltdf-pli-text\">\n\t\t\t    <div class=\"eltdf-pli-title-holder\">\n\t\t<h4 itemprop=\"name\" class=\"eltdf-pli-title entry-title\" >\n\t\tMarija Ujevi\u0107 Galetovi\u0107\t\t<\/h4>\n    <\/div>\n\n\t\t\t        <\/div>\n    <\/div>\n<\/div>\n\t\t<a itemprop=\"url\" class=\"eltdf-pli-link eltdf-block-drag-link\" href=\"https:\/\/www.lauba.hr\/en\/portfolio\/marija-ujevic-galetovic\/\" target=\"_self\"><\/a>\n\t<\/div>\n<\/article><article class=\"eltdf-pl-item eltdf-item-space  post-7025 portfolio-item type-portfolio-item status-publish has-post-thumbnail hentry portfolio-category-artists portfolio-category-paintings\">\n\t<div class=\"eltdf-pl-item-inner\">\n\t\t<div class=\"eltdf-pli-image\">\n\t<img loading=\"lazy\" decoding=\"async\" width=\"500\" height=\"613\" src=\"https:\/\/lauba.hr\/wp-content\/uploads\/2019\/02\/SEDER-On-i-ona-2017.-ulje-na-platnu-130x105cm.jpg\" class=\"attachment-amedeo_elated_image_square size-amedeo_elated_image_square wp-post-image\" alt=\"\" srcset=\"https:\/\/lauba.hr\/wp-content\/uploads\/2019\/02\/SEDER-On-i-ona-2017.-ulje-na-platnu-130x105cm.jpg 500w, https:\/\/lauba.hr\/wp-content\/uploads\/2019\/02\/SEDER-On-i-ona-2017.-ulje-na-platnu-130x105cm-245x300.jpg 245w\" sizes=\"auto, (max-width: 500px) 100vw, 500px\" \/><\/div>\n<div class=\"eltdf-pli-text-holder\">\n    <div class=\"eltdf-pli-text-wrapper\">\n        <div class=\"eltdf-pli-text\">\n\t\t\t    <div class=\"eltdf-pli-title-holder\">\n\t\t<h4 itemprop=\"name\" class=\"eltdf-pli-title entry-title\" >\n\t\t\u0110uro Seder\t\t<\/h4>\n    <\/div>\n\n\t\t\t        <\/div>\n    <\/div>\n<\/div>\n\t\t<a itemprop=\"url\" class=\"eltdf-pli-link eltdf-block-drag-link\" href=\"https:\/\/www.lauba.hr\/en\/portfolio\/duro-seder\/\" target=\"_self\"><\/a>\n\t<\/div>\n<\/article><article class=\"eltdf-pl-item eltdf-item-space  post-7024 portfolio-item type-portfolio-item status-publish has-post-thumbnail hentry portfolio-category-artists portfolio-category-paintings\">\n\t<div class=\"eltdf-pl-item-inner\">\n\t\t<div class=\"eltdf-pli-image\">\n\t<img loading=\"lazy\" decoding=\"async\" width=\"650\" height=\"650\" src=\"https:\/\/lauba.hr\/wp-content\/uploads\/2019\/07\/Duje-Juric_Bez-naziva-romb-650x650.jpg\" class=\"attachment-amedeo_elated_image_square size-amedeo_elated_image_square wp-post-image\" alt=\"\" srcset=\"https:\/\/lauba.hr\/wp-content\/uploads\/2019\/07\/Duje-Juric_Bez-naziva-romb-650x650.jpg 650w, https:\/\/lauba.hr\/wp-content\/uploads\/2019\/07\/Duje-Juric_Bez-naziva-romb-150x150.jpg 150w, https:\/\/lauba.hr\/wp-content\/uploads\/2019\/07\/Duje-Juric_Bez-naziva-romb-300x300.jpg 300w\" sizes=\"auto, (max-width: 650px) 100vw, 650px\" \/><\/div>\n<div class=\"eltdf-pli-text-holder\">\n    <div class=\"eltdf-pli-text-wrapper\">\n        <div class=\"eltdf-pli-text\">\n\t\t\t    <div class=\"eltdf-pli-title-holder\">\n\t\t<h4 itemprop=\"name\" class=\"eltdf-pli-title entry-title\" >\n\t\tDuje Juri\u0107\t\t<\/h4>\n    <\/div>\n\n\t\t\t        <\/div>\n    <\/div>\n<\/div>\n\t\t<a itemprop=\"url\" class=\"eltdf-pli-link eltdf-block-drag-link\" href=\"https:\/\/www.lauba.hr\/en\/portfolio\/duje-juric\/\" target=\"_self\"><\/a>\n\t<\/div>\n<\/article><article class=\"eltdf-pl-item eltdf-item-space  post-7023 portfolio-item type-portfolio-item status-publish has-post-thumbnail hentry portfolio-category-artists portfolio-category-sculptures\">\n\t<div class=\"eltdf-pl-item-inner\">\n\t\t<div class=\"eltdf-pli-image\">\n\t<img loading=\"lazy\" decoding=\"async\" width=\"650\" height=\"650\" src=\"https:\/\/lauba.hr\/wp-content\/uploads\/2019\/07\/Alem-Korkut_Polarna-kapa-650x650.jpg\" class=\"attachment-amedeo_elated_image_square size-amedeo_elated_image_square wp-post-image\" alt=\"\" srcset=\"https:\/\/lauba.hr\/wp-content\/uploads\/2019\/07\/Alem-Korkut_Polarna-kapa-650x650.jpg 650w, https:\/\/lauba.hr\/wp-content\/uploads\/2019\/07\/Alem-Korkut_Polarna-kapa-150x150.jpg 150w, https:\/\/lauba.hr\/wp-content\/uploads\/2019\/07\/Alem-Korkut_Polarna-kapa-300x300.jpg 300w, https:\/\/lauba.hr\/wp-content\/uploads\/2019\/07\/Alem-Korkut_Polarna-kapa-1300x1300.jpg 1300w\" sizes=\"auto, (max-width: 650px) 100vw, 650px\" \/><\/div>\n<div class=\"eltdf-pli-text-holder\">\n    <div class=\"eltdf-pli-text-wrapper\">\n        <div class=\"eltdf-pli-text\">\n\t\t\t    <div class=\"eltdf-pli-title-holder\">\n\t\t<h4 itemprop=\"name\" class=\"eltdf-pli-title entry-title\" >\n\t\tAlem Korkut\t\t<\/h4>\n    <\/div>\n\n\t\t\t        <\/div>\n    <\/div>\n<\/div>\n\t\t<a itemprop=\"url\" class=\"eltdf-pli-link eltdf-block-drag-link\" href=\"https:\/\/www.lauba.hr\/en\/portfolio\/alem-korkut\/\" target=\"_self\"><\/a>\n\t<\/div>\n<\/article><article class=\"eltdf-pl-item eltdf-item-space  post-7022 portfolio-item type-portfolio-item status-publish has-post-thumbnail hentry portfolio-category-artists portfolio-category-sculptures\">\n\t<div class=\"eltdf-pl-item-inner\">\n\t\t<div class=\"eltdf-pli-image\">\n\t<img loading=\"lazy\" decoding=\"async\" width=\"650\" height=\"650\" src=\"https:\/\/lauba.hr\/wp-content\/uploads\/2019\/07\/Kristian-Koz\u030cul-Anthropomorphic-composition-I-2019.-650x650.jpg\" class=\"attachment-amedeo_elated_image_square size-amedeo_elated_image_square wp-post-image\" alt=\"\" srcset=\"https:\/\/lauba.hr\/wp-content\/uploads\/2019\/07\/Kristian-Koz\u030cul-Anthropomorphic-composition-I-2019.-650x650.jpg 650w, https:\/\/lauba.hr\/wp-content\/uploads\/2019\/07\/Kristian-Koz\u030cul-Anthropomorphic-composition-I-2019.-150x150.jpg 150w, https:\/\/lauba.hr\/wp-content\/uploads\/2019\/07\/Kristian-Koz\u030cul-Anthropomorphic-composition-I-2019.-300x300.jpg 300w, https:\/\/lauba.hr\/wp-content\/uploads\/2019\/07\/Kristian-Koz\u030cul-Anthropomorphic-composition-I-2019.-1300x1300.jpg 1300w\" sizes=\"auto, (max-width: 650px) 100vw, 650px\" \/><\/div>\n<div class=\"eltdf-pli-text-holder\">\n    <div class=\"eltdf-pli-text-wrapper\">\n        <div class=\"eltdf-pli-text\">\n\t\t\t    <div class=\"eltdf-pli-title-holder\">\n\t\t<h4 itemprop=\"name\" class=\"eltdf-pli-title entry-title\" >\n\t\tKristian Ko\u017eul\t\t<\/h4>\n    <\/div>\n\n\t\t\t        <\/div>\n    <\/div>\n<\/div>\n\t\t<a itemprop=\"url\" class=\"eltdf-pli-link eltdf-block-drag-link\" href=\"https:\/\/www.lauba.hr\/en\/portfolio\/kristian-kozul\/\" target=\"_self\"><\/a>\n\t<\/div>\n<\/article><article class=\"eltdf-pl-item eltdf-item-space  post-7021 portfolio-item type-portfolio-item status-publish has-post-thumbnail hentry portfolio-category-artists portfolio-category-paintings portfolio-category-sculptures\">\n\t<div class=\"eltdf-pl-item-inner\">\n\t\t<div class=\"eltdf-pli-image\">\n\t<img loading=\"lazy\" decoding=\"async\" width=\"650\" height=\"650\" src=\"https:\/\/lauba.hr\/wp-content\/uploads\/2019\/07\/116x45x45cm_tez\u030cina-cca-12kg-1-650x650.jpg\" class=\"attachment-amedeo_elated_image_square size-amedeo_elated_image_square wp-post-image\" alt=\"\" srcset=\"https:\/\/lauba.hr\/wp-content\/uploads\/2019\/07\/116x45x45cm_tez\u030cina-cca-12kg-1-650x650.jpg 650w, https:\/\/lauba.hr\/wp-content\/uploads\/2019\/07\/116x45x45cm_tez\u030cina-cca-12kg-1-150x150.jpg 150w, https:\/\/lauba.hr\/wp-content\/uploads\/2019\/07\/116x45x45cm_tez\u030cina-cca-12kg-1-300x300.jpg 300w, https:\/\/lauba.hr\/wp-content\/uploads\/2019\/07\/116x45x45cm_tez\u030cina-cca-12kg-1-1300x1300.jpg 1300w\" sizes=\"auto, (max-width: 650px) 100vw, 650px\" \/><\/div>\n<div class=\"eltdf-pli-text-holder\">\n    <div class=\"eltdf-pli-text-wrapper\">\n        <div class=\"eltdf-pli-text\">\n\t\t\t    <div class=\"eltdf-pli-title-holder\">\n\t\t<h4 itemprop=\"name\" class=\"eltdf-pli-title entry-title\" >\n\t\tTARWUK\t\t<\/h4>\n    <\/div>\n\n\t\t\t        <\/div>\n    <\/div>\n<\/div>\n\t\t<a itemprop=\"url\" class=\"eltdf-pli-link eltdf-block-drag-link\" href=\"https:\/\/www.lauba.hr\/en\/portfolio\/tarwuk\/\" target=\"_self\"><\/a>\n\t<\/div>\n<\/article><article class=\"eltdf-pl-item eltdf-item-space  post-7020 portfolio-item type-portfolio-item status-publish has-post-thumbnail hentry portfolio-category-artists portfolio-category-paintings\">\n\t<div class=\"eltdf-pl-item-inner\">\n\t\t<div class=\"eltdf-pli-image\">\n\t<img loading=\"lazy\" decoding=\"async\" width=\"650\" height=\"650\" src=\"https:\/\/lauba.hr\/wp-content\/uploads\/2019\/07\/Gordana-Bakic_Hab_30x20-1-650x650.jpg\" class=\"attachment-amedeo_elated_image_square size-amedeo_elated_image_square wp-post-image\" alt=\"\" srcset=\"https:\/\/lauba.hr\/wp-content\/uploads\/2019\/07\/Gordana-Bakic_Hab_30x20-1-650x650.jpg 650w, https:\/\/lauba.hr\/wp-content\/uploads\/2019\/07\/Gordana-Bakic_Hab_30x20-1-150x150.jpg 150w, https:\/\/lauba.hr\/wp-content\/uploads\/2019\/07\/Gordana-Bakic_Hab_30x20-1-300x300.jpg 300w, https:\/\/lauba.hr\/wp-content\/uploads\/2019\/07\/Gordana-Bakic_Hab_30x20-1-1300x1300.jpg 1300w\" sizes=\"auto, (max-width: 650px) 100vw, 650px\" \/><\/div>\n<div class=\"eltdf-pli-text-holder\">\n    <div class=\"eltdf-pli-text-wrapper\">\n        <div class=\"eltdf-pli-text\">\n\t\t\t    <div class=\"eltdf-pli-title-holder\">\n\t\t<h4 itemprop=\"name\" class=\"eltdf-pli-title entry-title\" >\n\t\tGordana Baki\u0107\t\t<\/h4>\n    <\/div>\n\n\t\t\t        <\/div>\n    <\/div>\n<\/div>\n\t\t<a itemprop=\"url\" class=\"eltdf-pli-link eltdf-block-drag-link\" href=\"https:\/\/www.lauba.hr\/en\/portfolio\/gordana-bakic\/\" target=\"_self\"><\/a>\n\t<\/div>\n<\/article><article class=\"eltdf-pl-item eltdf-item-space  post-7018 portfolio-item type-portfolio-item status-publish has-post-thumbnail hentry portfolio-category-artists portfolio-category-paintings\">\n\t<div class=\"eltdf-pl-item-inner\">\n\t\t<div class=\"eltdf-pli-image\">\n\t<img loading=\"lazy\" decoding=\"async\" width=\"650\" height=\"553\" src=\"https:\/\/lauba.hr\/wp-content\/uploads\/2019\/12\/The-Square-2016.-Collage-and-drawing-on-paper.-100x70cm-650x553.jpg\" class=\"attachment-amedeo_elated_image_square size-amedeo_elated_image_square wp-post-image\" alt=\"\" \/><\/div>\n<div class=\"eltdf-pli-text-holder\">\n    <div class=\"eltdf-pli-text-wrapper\">\n        <div class=\"eltdf-pli-text\">\n\t\t\t    <div class=\"eltdf-pli-title-holder\">\n\t\t<h4 itemprop=\"name\" class=\"eltdf-pli-title entry-title\" >\n\t\tMarko Tadi\u0107\t\t<\/h4>\n    <\/div>\n\n\t\t\t        <\/div>\n    <\/div>\n<\/div>\n\t\t<a itemprop=\"url\" class=\"eltdf-pli-link eltdf-block-drag-link\" href=\"https:\/\/www.lauba.hr\/en\/portfolio\/marko-tadic\/\" target=\"_self\"><\/a>\n\t<\/div>\n<\/article><article class=\"eltdf-pl-item eltdf-item-space  post-7019 portfolio-item type-portfolio-item status-publish has-post-thumbnail hentry portfolio-category-artists portfolio-category-paintings\">\n\t<div class=\"eltdf-pl-item-inner\">\n\t\t<div class=\"eltdf-pli-image\">\n\t<img loading=\"lazy\" decoding=\"async\" width=\"650\" height=\"570\" src=\"https:\/\/lauba.hr\/wp-content\/uploads\/2019\/12\/Igor-E\u0161kinja-Inkjet-ispis-na-arhivskom-papiru-2016.-650x570.jpg\" class=\"attachment-amedeo_elated_image_square size-amedeo_elated_image_square wp-post-image\" alt=\"\" \/><\/div>\n<div class=\"eltdf-pli-text-holder\">\n    <div class=\"eltdf-pli-text-wrapper\">\n        <div class=\"eltdf-pli-text\">\n\t\t\t    <div class=\"eltdf-pli-title-holder\">\n\t\t<h4 itemprop=\"name\" class=\"eltdf-pli-title entry-title\" >\n\t\tIgor E\u0161kinja\t\t<\/h4>\n    <\/div>\n\n\t\t\t        <\/div>\n    <\/div>\n<\/div>\n\t\t<a itemprop=\"url\" class=\"eltdf-pli-link eltdf-block-drag-link\" href=\"https:\/\/www.lauba.hr\/en\/portfolio\/igor-eskinja\/\" target=\"_self\"><\/a>\n\t<\/div>\n<\/article>\t<\/div>\n\t\n\t<\/div><\/div>[\/vc_column][\/vc_row][vc_row][vc_column]<div class=\"eltdf-accordion-holder eltdf-ac-default  eltdf-accordion  clearfix\">\n\t<h4 class=\"eltdf-accordion-title\">\n    <span class=\"eltdf-accordion-mark\">\n\t\t<span class=\"eltdf-plus\"><\/span>\n\t\t<span class=\"eltdf-minus\"><\/span>\n\t<\/span>\n\t<span class=\"eltdf-tab-title\">YOU WANT TO KNOW WHO THE ARTISTS WHOSE ART YOU BUY ARE?<\/span>\n<\/h4>\n<div class=\"eltdf-accordion-content\">\n\t<div class=\"eltdf-accordion-content-inner\">\n\t\t[vc_column_text]We understand! We&#8217;re also interested. That is why we will introduce you into the creative works, as well as the greatest achievements of the artist whose works you have cast an eye on, and when possible, only for you we will also organize a conversation with the artist whose works you want for yourselves.[\/vc_column_text]\t<\/div>\n<\/div><h4 class=\"eltdf-accordion-title\">\n    <span class=\"eltdf-accordion-mark\">\n\t\t<span class=\"eltdf-plus\"><\/span>\n\t\t<span class=\"eltdf-minus\"><\/span>\n\t<\/span>\n\t<span class=\"eltdf-tab-title\">QUALITY ASSURANCE<\/span>\n<\/h4>\n<div class=\"eltdf-accordion-content\">\n\t<div class=\"eltdf-accordion-content-inner\">\n\t\t[vc_column_text]Lauba \u2013 House for People and Arts collaborates exclusively with artists who confirm their quality and expertise by continuous work and activity on the art scene. We work systematically to fulfill your expectations and ensure quality and satisfaction, and we carefully choose and monitor the artists we work with and their creative development. Of course, for the artwork you will get a certificate of authority.[\/vc_column_text]\t<\/div>\n<\/div><h4 class=\"eltdf-accordion-title\">\n    <span class=\"eltdf-accordion-mark\">\n\t\t<span class=\"eltdf-plus\"><\/span>\n\t\t<span class=\"eltdf-minus\"><\/span>\n\t<\/span>\n\t<span class=\"eltdf-tab-title\">ROOM FITTING<\/span>\n<\/h4>\n<div class=\"eltdf-accordion-content\">\n\t<div class=\"eltdf-accordion-content-inner\">\n\t\t[vc_column_text]You were impressed by some of the artworks we have chosen for you, but you are not sure how to fit into your space and would like to see it on your wall. Why not? We also care about your long-term satisfaction.[\/vc_column_text]\t<\/div>\n<\/div><h4 class=\"eltdf-accordion-title\">\n    <span class=\"eltdf-accordion-mark\">\n\t\t<span class=\"eltdf-plus\"><\/span>\n\t\t<span class=\"eltdf-minus\"><\/span>\n\t<\/span>\n\t<span class=\"eltdf-tab-title\">WHAT ABOUT RENTING ART?<\/span>\n<\/h4>\n<div class=\"eltdf-accordion-content\">\n\t<div class=\"eltdf-accordion-content-inner\">\n\t\t[vc_column_text]If you have a business space that you like to redecorate and change, renting art is an ideal solution for you. For the arrangement of your business premises we allow you to rent the artworks of our renowned artists, on a quarterly basis, in consultation with our experts.[\/vc_column_text]\t<\/div>\n<\/div><\/div>[\/vc_column][\/vc_row]<\/p>\n<\/section>","protected":false},"excerpt":{"rendered":"<p>[vc_row][vc_column][\/vc_column][\/vc_row][vc_row full_width=&#8221;stretch_row&#8221; css=&#8221;.vc_custom_1587456961345{background-color: #f9f7f5 !important;}&#8221;][vc_column][\/vc_column][\/vc_row][vc_row full_width=&#8221;stretch_row&#8221; gap=&#8221;35&#8243; content_placement=&#8221;top&#8221; css=&#8221;.vc_custom_1587457629151{padding-top: 100px !important;padding-bottom: 100px !important;background-color: #f9f7f5 !important;}&#8221;][vc_column][vc_row_inner][vc_column_inner width=&#8221;1\/2&#8243;][vc_column_text]We are a team of experienced art experts who believe in the importance of quality and transparent entry of artists into the market. After many years of monitoring global trends reflecting the positive impact of the art market on the contemporary art scene, we felt that we could [&hellip;]<\/p>\n","protected":false},"author":1,"featured_media":0,"parent":0,"menu_order":0,"comment_status":"closed","ping_status":"closed","template":"","meta":{"footnotes":""},"class_list":["post-7009","page","type-page","status-publish","hentry"],"_links":{"self":[{"href":"https:\/\/www.lauba.hr\/en\/wp-json\/wp\/v2\/pages\/7009","targetHints":{"allow":["GET"]}}],"collection":[{"href":"https:\/\/www.lauba.hr\/en\/wp-json\/wp\/v2\/pages"}],"about":[{"href":"https:\/\/www.lauba.hr\/en\/wp-json\/wp\/v2\/types\/page"}],"author":[{"embeddable":true,"href":"https:\/\/www.lauba.hr\/en\/wp-json\/wp\/v2\/users\/1"}],"replies":[{"embeddable":true,"href":"https:\/\/www.lauba.hr\/en\/wp-json\/wp\/v2\/comments?post=7009"}],"version-history":[{"count":6,"href":"https:\/\/www.lauba.hr\/en\/wp-json\/wp\/v2\/pages\/7009\/revisions"}],"predecessor-version":[{"id":7059,"href":"https:\/\/www.lauba.hr\/en\/wp-json\/wp\/v2\/pages\/7009\/revisions\/7059"}],"wp:attachment":[{"href":"https:\/\/www.lauba.hr\/en\/wp-json\/wp\/v2\/media?parent=7009"}],"curies":[{"name":"wp","href":"https:\/\/api.w.org\/{rel}","templated":true}]}}